{"id":2532,"date":"2023-05-16T17:36:50","date_gmt":"2023-05-16T22:36:50","guid":{"rendered":"https:\/\/www.sil.com.co\/sil\/?post_type=project&#038;p=2532"},"modified":"2023-05-16T17:40:16","modified_gmt":"2023-05-16T22:40:16","slug":"frenic-mini-fuji","status":"publish","type":"project","link":"https:\/\/www.sil.com.co\/sil\/project\/frenic-mini-fuji\/","title":{"rendered":"Frenic Mini &#8211; Fuji"},"content":{"rendered":"\n[et_pb_section fb_built=\u00bb1&#8243; custom_padding_last_edited=\u00bbon|desktop\u00bb disabled_on=\u00bbon|off|off\u00bb admin_label=\u00bbSecci\u00f3n\u00bb _builder_version=\u00bb3.0.49&#8243; background_color=\u00bb#026cb6&#8243; custom_padding=\u00bb|||\u00bb custom_padding_tablet=\u00bb0px|0px|5px|0px\u00bb custom_padding_phone=\u00bb0px|||\u00bb global_module=\u00bb557&#8243; global_colors_info=\u00bb{}\u00bb][et_pb_row custom_padding_last_edited=\u00bbon|desktop\u00bb admin_label=\u00bbFila\u00bb _builder_version=\u00bb4.16&#8243; background_color=\u00bb#026cb6&#8243; custom_margin=\u00bb|||\u00bb custom_padding=\u00bb5px|0px|5px|0px\u00bb custom_padding_tablet=\u00bb5px|0px|0px|5px\u00bb custom_padding_phone=\u00bb0px|||0px\u00bb global_colors_info=\u00bb{}\u00bb][et_pb_column type=\u00bb4_4&#8243; _builder_version=\u00bb4.16&#8243; background_position=\u00bbtop_left\u00bb custom_padding=\u00bb|||\u00bb global_colors_info=\u00bb{}\u00bb custom_padding__hover=\u00bb|||\u00bb][et_pb_text admin_label=\u00bbTexto\u00bb _builder_version=\u00bb4.16&#8243; text_font_size=\u00bb12&#8243; background_image=\u00bbhttps:\/\/www.sil.com.co\/sil\/wp-content\/uploads\/2017\/06\/logo-ge.png\u00bb background_size=\u00bbinitial\u00bb background_position=\u00bbcenter_left\u00bb background_layout=\u00bbdark\u00bb custom_margin=\u00bb0px|0px|0px|0px\u00bb custom_margin_tablet=\u00bb|||20px\u00bb custom_margin_phone=\u00bb|||\u00bb custom_margin_last_edited=\u00bbon|phone\u00bb custom_padding=\u00bb5px||5px|\u00bb border_style=\u00bbsolid\u00bb global_colors_info=\u00bb{}\u00bb]<p style=\"text-align: left;\">\u00a0 \u00a0 \u00a0 \u00a0 \u00a0 \u00a0 Distribuidores para Colombia GE Industrial Solutions<\/p>[\/et_pb_text][\/et_pb_column][\/et_pb_row][\/et_pb_section][et_pb_section fb_built=\u00bb1&#8243; admin_label=\u00bbsection\u00bb _builder_version=\u00bb3.0.49&#8243; global_module=\u00bb1324&#8243; global_colors_info=\u00bb{}\u00bb][et_pb_row admin_label=\u00bbFila\u00bb module_class=\u00bb et_pb_row_fullwidth\u00bb _builder_version=\u00bb4.16&#8243; background_color=\u00bb#f2f2f2&#8243; background_image=\u00bbhttps:\/\/www.sil.com.co\/sil\/wp-content\/uploads\/2017\/06\/back-CP.jpg\u00bb background_size=\u00bbinitial\u00bb background_position=\u00bbcenter_right\u00bb width=\u00bb100%\u00bb width_tablet=\u00bb100%\u00bb width_last_edited=\u00bbon|desktop\u00bb max_width=\u00bb100%\u00bb max_width_tablet=\u00bb100%\u00bb max_width_last_edited=\u00bbon|desktop\u00bb custom_padding=\u00bb|||\u00bb make_fullwidth=\u00bbon\u00bb global_colors_info=\u00bb{}\u00bb width_phone=\u00bb100%\u00bb max_width_phone=\u00bb100%\u00bb][et_pb_column type=\u00bb4_4&#8243; _builder_version=\u00bb4.16&#8243; custom_padding=\u00bb30px||30px|\u00bb global_colors_info=\u00bb{}\u00bb custom_padding__hover=\u00bb|||\u00bb][et_pb_text admin_label=\u00bbTexto\u00bb _builder_version=\u00bb4.16&#8243; border_style=\u00bbsolid\u00bb global_colors_info=\u00bb{}\u00bb]<h1 style=\"text-align: center;\">Control para Motores e Iluminaci\u00f3n<\/h1>\n<p style=\"text-align: center;\">Equipos para arranque, protecci\u00f3n y control<\/p>[\/et_pb_text][\/et_pb_column][\/et_pb_row][\/et_pb_section][et_pb_section fb_built=\u00bb1&#8243; admin_label=\u00bbsection\u00bb _builder_version=\u00bb4.16&#8243; global_colors_info=\u00bb{}\u00bb][et_pb_row column_structure=\u00bb1_4,3_4&#8243; admin_label=\u00bbFila\u00bb _builder_version=\u00bb4.16&#8243; background_size=\u00bbinitial\u00bb background_position=\u00bbtop_left\u00bb background_repeat=\u00bbrepeat\u00bb custom_padding=\u00bb30px||30px|\u00bb global_colors_info=\u00bb{}\u00bb][et_pb_column type=\u00bb1_4&#8243; _builder_version=\u00bb4.16&#8243; custom_padding=\u00bb|||\u00bb global_colors_info=\u00bb{}\u00bb custom_padding__hover=\u00bb|||\u00bb][et_pb_image src=\u00bbhttps:\/\/www.sil.com.co\/sil\/wp-content\/uploads\/2023\/05\/Frenic-mini-scaled.jpeg\u00bb title_text=\u00bbFrenic mini\u00bb show_bottom_space=\u00bboff\u00bb align=\u00bbcenter\u00bb align_tablet=\u00bbcenter\u00bb align_phone=\u00bbcenter\u00bb align_last_edited=\u00bbon|desktop\u00bb admin_label=\u00bbImagen\u00bb _builder_version=\u00bb4.21.0&#8243; animation_style=\u00bbslide\u00bb animation_direction=\u00bbleft\u00bb animation_duration=\u00bb500ms\u00bb animation_intensity_slide=\u00bb10%\u00bb hover_enabled=\u00bb0&#8243; border_style=\u00bbsolid\u00bb sticky=\u00bbon\u00bb always_center_on_mobile=\u00bbon\u00bb global_colors_info=\u00bb{}\u00bb sticky_enabled=\u00bb0&#8243;][\/et_pb_image][\/et_pb_column][et_pb_column type=\u00bb3_4&#8243; _builder_version=\u00bb4.16&#8243; custom_padding=\u00bb|||\u00bb global_colors_info=\u00bb{}\u00bb custom_padding__hover=\u00bb|||\u00bb][et_pb_text admin_label=\u00bbTexto\u00bb _builder_version=\u00bb4.21.0&#8243; hover_enabled=\u00bb0&#8243; border_style=\u00bbsolid\u00bb global_colors_info=\u00bb{}\u00bb sticky_enabled=\u00bb0&#8243;]<h3>Frenic Mini &#8211; Fuji<\/h3>\n<b><\/b>\nCon su extensa funcionalidad, dise\u00f1o compacto, sencillo funcionamiento y compatibilidad global, el nuevo FRENIC-Mini C2 eleva el rendimiento de un amplio rango de dispositivos y equipos &#8211; entre ellos transportadores, ventiladores, bombas, separadores centr\u00edfugos y m\u00e1quinas de procesamiento de alimentos &#8211; para darle la integraci\u00f3n en sistemas, la eficiencia energ\u00e9tica, el mantenimiento reducido y el ahorro general de costos que usted est\u00e1 buscando.\n\n&nbsp;\n\n&nbsp;[\/et_pb_text][\/et_pb_column][\/et_pb_row][et_pb_row admin_label=\u00bbFila\u00bb _builder_version=\u00bb4.16&#8243; background_size=\u00bbinitial\u00bb background_position=\u00bbtop_left\u00bb background_repeat=\u00bbrepeat\u00bb global_colors_info=\u00bb{}\u00bb][et_pb_column type=\u00bb4_4&#8243; _builder_version=\u00bb4.16&#8243; custom_padding=\u00bb|||\u00bb global_colors_info=\u00bb{}\u00bb custom_padding__hover=\u00bb|||\u00bb][et_pb_tabs admin_label=\u00bbPesta\u00f1as\u00bb _builder_version=\u00bb4.21.0&#8243; hover_enabled=\u00bb0&#8243; border_style=\u00bbsolid\u00bb global_colors_info=\u00bb{}\u00bb sticky_enabled=\u00bb0&#8243;][et_pb_tab title=\u00bbCaracter\u00edsticas\u00bb _builder_version=\u00bb4.21.0&#8243; body_font=\u00bb||||\u00bb body_line_height=\u00bb2em\u00bb tab_font=\u00bb||||\u00bb tab_line_height=\u00bb2em\u00bb background_size=\u00bbinitial\u00bb background_position=\u00bbtop_left\u00bb background_repeat=\u00bbrepeat\u00bb hover_enabled=\u00bb0&#8243; body_line_height_tablet=\u00bb2em\u00bb body_line_height_phone=\u00bb2em\u00bb tab_line_height_tablet=\u00bb2em\u00bb tab_line_height_phone=\u00bb2em\u00bb global_colors_info=\u00bb{}\u00bb sticky_enabled=\u00bb0&#8243;]<ul class=\"bullets\">\n<li class=\"bullets_li\">Elevado rendimiento y multiuso<\/li>\n<li class=\"bullets_li\">Sistema de control vectorial de par din\u00e1mico \/ El controlador de compensaci\u00f3n de deslizamiento reduce el<br \/> tiempo de ajuste \/ El procesador CPU m\u00e1s r\u00e1pido de su clase<\/li>\n<li class=\"bullets_li\">A\u00fan m\u00e1s f\u00e1cil de usar y totalmente compatible con productos existentes:<\/li>\n<li class=\"bullets_li\">Dimensiones exteriores del modelo C1 iguales a las del modelo C2<\/li>\n<li class=\"bullets_li\">Operaci\u00f3n y mantenimiento sencillos:<\/li>\n<li class=\"bullets_li\">Versatilidad de uso \/ Teclado USB \/ Mantenimiento m\u00e1s sencillo<\/li>\n<li class=\"bullets_li\">Nuevo sistema de control (optimizador de uso de energ\u00eda) \/ Funci\u00f3n de control PID \/ Funci\u00f3n de control<br \/> ON\/OFF del ventilador de refrigeraci\u00f3n \/ Control de motor s\u00edncrono (pr\u00f3ximamente)<\/li>\n<li class=\"bullets_li\">Capacidades est\u00e1ndar de red: Puerto de comunicaci\u00f3n RS-485<\/li>\n<\/ul>[\/et_pb_tab][\/et_pb_tabs][\/et_pb_column][\/et_pb_row][\/et_pb_section]\n","protected":false},"excerpt":{"rendered":"<p>\u00a0 \u00a0 \u00a0 \u00a0 \u00a0 \u00a0 Distribuidores para Colombia GE Industrial SolutionsControl para Motores e Iluminaci\u00f3n Equipos para arranque, protecci\u00f3n y controlFrenic Mini &#8211; Fuji Con su extensa funcionalidad, dise\u00f1o compacto, sencillo funcionamiento y compatibilidad global, el nuevo FRENIC-Mini C2 eleva el rendimiento de un amplio rango de dispositivos y equipos &#8211; entre ellos transportadores, [&hellip;]<\/p>\n","protected":false},"author":1,"featured_media":2534,"comment_status":"open","ping_status":"closed","template":"","meta":{"_et_pb_use_builder":"on","_et_pb_old_content":"","_et_gb_content_width":"","_joinchat":[]},"project_category":[21,69],"project_tag":[],"_links":{"self":[{"href":"https:\/\/www.sil.com.co\/sil\/wp-json\/wp\/v2\/project\/2532"}],"collection":[{"href":"https:\/\/www.sil.com.co\/sil\/wp-json\/wp\/v2\/project"}],"about":[{"href":"https:\/\/www.sil.com.co\/sil\/wp-json\/wp\/v2\/types\/project"}],"author":[{"embeddable":true,"href":"https:\/\/www.sil.com.co\/sil\/wp-json\/wp\/v2\/users\/1"}],"replies":[{"embeddable":true,"href":"https:\/\/www.sil.com.co\/sil\/wp-json\/wp\/v2\/comments?post=2532"}],"version-history":[{"count":3,"href":"https:\/\/www.sil.com.co\/sil\/wp-json\/wp\/v2\/project\/2532\/revisions"}],"predecessor-version":[{"id":2536,"href":"https:\/\/www.sil.com.co\/sil\/wp-json\/wp\/v2\/project\/2532\/revisions\/2536"}],"wp:featuredmedia":[{"embeddable":true,"href":"https:\/\/www.sil.com.co\/sil\/wp-json\/wp\/v2\/media\/2534"}],"wp:attachment":[{"href":"https:\/\/www.sil.com.co\/sil\/wp-json\/wp\/v2\/media?parent=2532"}],"wp:term":[{"taxonomy":"project_category","embeddable":true,"href":"https:\/\/www.sil.com.co\/sil\/wp-json\/wp\/v2\/project_category?post=2532"},{"taxonomy":"project_tag","embeddable":true,"href":"https:\/\/www.sil.com.co\/sil\/wp-json\/wp\/v2\/project_tag?post=2532"}],"curies":[{"name":"wp","href":"https:\/\/api.w.org\/{rel}","templated":true}]}}